{"id":136,"date":"2017-12-04T20:53:26","date_gmt":"2017-12-04T20:53:26","guid":{"rendered":"http:\/\/inserch.ch\/?page_id=136"},"modified":"2024-09-04T08:24:01","modified_gmt":"2024-09-04T08:24:01","slug":"evenements","status":"publish","type":"page","link":"http:\/\/inserch.ch\/index.php\/evenements\/","title":{"rendered":"\u00c9v\u00e9nements"},"content":{"rendered":"<p>30 juin 2023<\/p>\n<p>Sympoisum: Trajectoires et profil des personnes ayant choisi l&rsquo;enseignement comme second m\u00e9tier. <em>Congr\u00e8s de la Soci\u00e9t\u00e9 Suisse de Recherche en Education : Une \u00e9poque en mutation? L\u2019\u00e9ducation entre continuit\u00e9 et changement<\/em>, HEP Zurich, 28-30 juin.<\/p>\n<p>13 septembre 2022<\/p>\n<p>Symposium: Les effets de la pand\u00e9mie de COVID-19 sur l\u2019insertion professionnelle des enseignant\u00b7e\u00b7s : formation, emploi et v\u00e9cu professionnel. <em>Congr\u00e8s d\u2019Actualit\u00e9 de la Recherche en Education et Formation<\/em>, Universit\u00e9 de Lausanne.<\/p>\n<p>16 janvier 2020<\/p>\n<p>Journ\u00e9e scientifique:\u00a0S&rsquo;ins\u00e9rer dans la profession enseignante, accompagner l&rsquo;insertion (Unit\u00e9 de recherche TRAJECTOIRES). Haute Ecole p\u00e9dagogique Fribourg.<\/p>\n<p>12 juin 2019<\/p>\n<p>Journ\u00e9e d&rsquo;\u00e9tudes: Les enseignant-e-s face \u00e0 l&rsquo;insertion professionnelle: enjeux et r\u00e9flexions. Haute Ecole p\u00e9dagogique BEJUNE, La Chaux-de-Fonds.<\/p>\n<p>3 septembre 2015<\/p>\n<p>Journ\u00e9e scientifique:<br \/>\n\u00ab\u00a0De la formation a la profession enseignante dans des contextes sociopolitiques mouvants\u00a0\u00bb (Rey, J. &amp; Broyon, M.A.). Haute Ecole p\u00e9dagogique Fribourg.<\/p>\n<p>21 janvier 2010<\/p>\n<p>Colloque de recherche interinstitutionnel HEP \u2013 BEJUNE \u2013 Unine:<br \/>\n\u00ab\u00a0Transitions-Insertions\u00a0\u00bb (Zittoun, T. &amp; Wentzel, B.). Facult\u00e9 des Lettres et Sciences Humaines, Neuch\u00e2tel.<\/p>\n<p>30 juin-2 juillet 2010<\/p>\n<p>Symposium lors du colloque international HEP-BEJUNE et CRIFPE:<br \/>\n\u00ab\u00a0Entre formation et travail : l\u2019insertion professionnelle des enseignants dans une perspective internationale\u00a0\u00bb (Akkari, A.). Montr\u00e9al<strong><em>.<\/em><\/strong><\/p>\n<p>23-24 avril 2009<br \/>\nColloque sur la recherche dans les HEP autour du th\u00e8me de l\u2019insertion professionnelle:<br \/>\nL\u2019insertion des enseignants du primaire en Suisse Romande et au Tessin\u00a0\u00bb, Locarno.<\/p>\n<p>24 janvier 2008<\/p>\n<p>Journ\u00e9e de r\u00e9flexion:<br \/>\n\u00ab\u00a0Pr\u00e9sentation des premiers r\u00e9sultats de la recherche interinstitutionnelle sur l\u2019insertion des enseignants dipl\u00f4m\u00e9s dans les HEP romandes et du Tessin\u00a0\u00bb (Gremaud, J.), HEP FR, Fribourg.<\/p>\n","protected":false},"excerpt":{"rendered":"<p>30 juin 2023 Sympoisum: Trajectoires et profil des personnes ayant choisi l&rsquo;enseignement comme second m\u00e9tier. Congr\u00e8s de la Soci\u00e9t\u00e9 Suisse de Recherche en Education : Une \u00e9poque en mutation? L\u2019\u00e9ducation entre continuit\u00e9 et changement, HEP Zurich, 28-30 juin. 13 septembre &hellip; <a href=\"http:\/\/inserch.ch\/index.php\/evenements\/\">Continuer la lecture <span class=\"meta-nav\">&rarr;<\/span><\/a><\/p>\n<div class='the_champ_sharing_container the_champ_vertical_sharing the_champ_hide_sharing the_champ_bottom_sharing' style='width:24px;left: -10px;top: 100px;-webkit-box-shadow:none;box-shadow:none;' data-super-socializer-href=\"http:\/\/inserch.ch\/index.php\/wp-json\/wp\/v2\/pages\/136\"><div class=\"the_champ_sharing_ul\"><a aria-label=\"Facebook\" class=\"the_champ_facebook\" href=\"https:\/\/www.facebook.com\/sharer\/sharer.php?u=http%3A%2F%2Finserch.ch%2Findex.php%2Fwp-json%2Fwp%2Fv2%2Fpages%2F136\" title=\"Facebook\" rel=\"nofollow noopener\" target=\"_blank\" style=\"font-size:24px!important;box-shadow:none;display:inline-block;vertical-align:middle\"><span class=\"the_champ_svg\" style=\"background-color:#0765FE;width:20px;height:20px;margin:0;display:inline-block;opacity:1;float:left;font-size:24px;box-shadow:none;display:inline-block;font-size:16px;padding:0 4px;vertical-align:middle;background-repeat:repeat;overflow:hidden;padding:0;cursor:pointer;box-sizing:content-box\"><svg style=\"display:block;\" focusable=\"false\" aria-hidden=\"true\" xmlns=\"http:\/\/www.w3.org\/2000\/svg\" width=\"100%\" height=\"100%\" viewBox=\"0 0 32 32\"><path fill=\"#fff\" d=\"M28 16c0-6.627-5.373-12-12-12S4 9.373 4 16c0 5.628 3.875 10.35 9.101 11.647v-7.98h-2.474V16H13.1v-1.58c0-4.085 1.849-5.978 5.859-5.978.76 0 2.072.15 2.608.298v3.325c-.283-.03-.775-.045-1.386-.045-1.967 0-2.728.745-2.728 2.683V16h3.92l-.673 3.667h-3.247v8.245C23.395 27.195 28 22.135 28 16Z\"><\/path><\/svg><\/span><\/a><a aria-label=\"Twitter\" class=\"the_champ_button_twitter\" href=\"https:\/\/twitter.com\/intent\/tweet?text=INSERCH%20-%20Enqu%C3%AAte%20interinstitutionnelle%20sur%20l%E2%80%99insertion%20professionnelle%20des%20nouvelles%20et%20nouveaux%20dipl%C3%B4m%C3%A9%C2%B7e%C2%B7s%20en%20enseignement&url=http%3A%2F%2Finserch.ch%2Findex.php%2Fwp-json%2Fwp%2Fv2%2Fpages%2F136\" title=\"Twitter\" rel=\"nofollow noopener\" target=\"_blank\" style=\"font-size:24px!important;box-shadow:none;display:inline-block;vertical-align:middle\"><span class=\"the_champ_svg the_champ_s__default the_champ_s_twitter\" style=\"background-color:#55acee;width:20px;height:20px;margin:0;display:inline-block;opacity:1;float:left;font-size:24px;box-shadow:none;display:inline-block;font-size:16px;padding:0 4px;vertical-align:middle;background-repeat:repeat;overflow:hidden;padding:0;cursor:pointer;box-sizing:content-box\"><svg style=\"display:block;\" focusable=\"false\" aria-hidden=\"true\" xmlns=\"http:\/\/www.w3.org\/2000\/svg\" width=\"100%\" height=\"100%\" viewBox=\"-4 -4 39 39\"><path d=\"M28 8.557a9.913 9.913 0 0 1-2.828.775 4.93 4.93 0 0 0 2.166-2.725 9.738 9.738 0 0 1-3.13 1.194 4.92 4.92 0 0 0-3.593-1.55 4.924 4.924 0 0 0-4.794 6.049c-4.09-.21-7.72-2.17-10.15-5.15a4.942 4.942 0 0 0-.665 2.477c0 1.71.87 3.214 2.19 4.1a4.968 4.968 0 0 1-2.23-.616v.06c0 2.39 1.7 4.38 3.952 4.83-.414.115-.85.174-1.297.174-.318 0-.626-.03-.928-.086a4.935 4.935 0 0 0 4.6 3.42 9.893 9.893 0 0 1-6.114 2.107c-.398 0-.79-.023-1.175-.068a13.953 13.953 0 0 0 7.55 2.213c9.056 0 14.01-7.507 14.01-14.013 0-.213-.005-.426-.015-.637.96-.695 1.795-1.56 2.455-2.55z\" fill=\"#fff\"><\/path><\/svg><\/span><\/a><a aria-label=\"Linkedin\" class=\"the_champ_button_linkedin\" href=\"https:\/\/www.linkedin.com\/sharing\/share-offsite\/?url=http%3A%2F%2Finserch.ch%2Findex.php%2Fwp-json%2Fwp%2Fv2%2Fpages%2F136\" title=\"Linkedin\" rel=\"nofollow noopener\" target=\"_blank\" style=\"font-size:24px!important;box-shadow:none;display:inline-block;vertical-align:middle\"><span class=\"the_champ_svg the_champ_s__default the_champ_s_linkedin\" style=\"background-color:#0077b5;width:20px;height:20px;margin:0;display:inline-block;opacity:1;float:left;font-size:24px;box-shadow:none;display:inline-block;font-size:16px;padding:0 4px;vertical-align:middle;background-repeat:repeat;overflow:hidden;padding:0;cursor:pointer;box-sizing:content-box\"><svg style=\"display:block;\" focusable=\"false\" aria-hidden=\"true\" xmlns=\"http:\/\/www.w3.org\/2000\/svg\" width=\"100%\" height=\"100%\" viewBox=\"0 0 32 32\"><path d=\"M6.227 12.61h4.19v13.48h-4.19V12.61zm2.095-6.7a2.43 2.43 0 0 1 0 4.86c-1.344 0-2.428-1.09-2.428-2.43s1.084-2.43 2.428-2.43m4.72 6.7h4.02v1.84h.058c.56-1.058 1.927-2.176 3.965-2.176 4.238 0 5.02 2.792 5.02 6.42v7.395h-4.183v-6.56c0-1.564-.03-3.574-2.178-3.574-2.18 0-2.514 1.7-2.514 3.46v6.668h-4.187V12.61z\" fill=\"#fff\"><\/path><\/svg><\/span><\/a><a aria-label=\"Whatsapp\" class=\"the_champ_whatsapp\" href=\"https:\/\/api.whatsapp.com\/send?text=INSERCH%20-%20Enqu%C3%AAte%20interinstitutionnelle%20sur%20l%E2%80%99insertion%20professionnelle%20des%20nouvelles%20et%20nouveaux%20dipl%C3%B4m%C3%A9%C2%B7e%C2%B7s%20en%20enseignement http%3A%2F%2Finserch.ch%2Findex.php%2Fwp-json%2Fwp%2Fv2%2Fpages%2F136\" title=\"Whatsapp\" rel=\"nofollow noopener\" target=\"_blank\" style=\"font-size:24px!important;box-shadow:none;display:inline-block;vertical-align:middle\"><span class=\"the_champ_svg\" style=\"background-color:#55eb4c;width:20px;height:20px;margin:0;display:inline-block;opacity:1;float:left;font-size:24px;box-shadow:none;display:inline-block;font-size:16px;padding:0 4px;vertical-align:middle;background-repeat:repeat;overflow:hidden;padding:0;cursor:pointer;box-sizing:content-box\"><svg style=\"display:block;\" focusable=\"false\" aria-hidden=\"true\" xmlns=\"http:\/\/www.w3.org\/2000\/svg\" width=\"100%\" height=\"100%\" viewBox=\"-6 -5 40 40\"><path class=\"the_champ_svg_stroke the_champ_no_fill\" stroke=\"#fff\" stroke-width=\"2\" fill=\"none\" d=\"M 11.579798566743314 24.396926207859085 A 10 10 0 1 0 6.808479557110079 20.73576436351046\"><\/path><path d=\"M 7 19 l -1 6 l 6 -1\" class=\"the_champ_no_fill the_champ_svg_stroke\" stroke=\"#fff\" stroke-width=\"2\" fill=\"none\"><\/path><path d=\"M 10 10 q -1 8 8 11 c 5 -1 0 -6 -1 -3 q -4 -3 -5 -5 c 4 -2 -1 -5 -1 -4\" fill=\"#fff\"><\/path><\/svg><\/span><\/a><a class=\"the_champ_more\" title=\"More\" rel=\"nofollow noopener\" style=\"font-size:24px!important;border:0;box-shadow:none;display:inline-block!important;font-size:16px;padding:0 4px;vertical-align: middle;display:inline;\" href=\"http:\/\/inserch.ch\/index.php\/wp-json\/wp\/v2\/pages\/136\" onclick=\"event.preventDefault()\"><span class=\"the_champ_svg\" style=\"background-color:#ee8e2d;width:20px;height:20px;margin:0;display:inline-block!important;opacity:1;float:left;font-size:32px!important;box-shadow:none;display:inline-block;font-size:16px;padding:0 4px;vertical-align:middle;display:inline;background-repeat:repeat;overflow:hidden;padding:0;cursor:pointer;box-sizing:content-box;\" onclick=\"theChampMoreSharingPopup(this, 'http:\/\/inserch.ch\/index.php\/wp-json\/wp\/v2\/pages\/136', 'INSERCH%20-%20Enqu%C3%AAte%20interinstitutionnelle%20sur%20l%E2%80%99insertion%20professionnelle%20des%20nouvelles%20et%20nouveaux%20dipl%C3%B4m%C3%A9%C2%B7e%C2%B7s%20en%20enseignement', '' )\"><svg xmlns=\"http:\/\/www.w3.org\/2000\/svg\" xmlns:xlink=\"http:\/\/www.w3.org\/1999\/xlink\" viewBox=\"-.3 0 32 32\" version=\"1.1\" width=\"100%\" height=\"100%\" style=\"display:block;\" xml:space=\"preserve\"><g><path fill=\"#fff\" d=\"M18 14V8h-4v6H8v4h6v6h4v-6h6v-4h-6z\" fill-rule=\"evenodd\"><\/path><\/g><\/svg><\/span><\/a><\/div><\/div>","protected":false},"author":2,"featured_media":0,"parent":0,"menu_order":6,"comment_status":"closed","ping_status":"closed","template":"","meta":{"footnotes":""},"class_list":["post-136","page","type-page","status-publish","hentry"],"_links":{"self":[{"href":"http:\/\/inserch.ch\/index.php\/wp-json\/wp\/v2\/pages\/136","targetHints":{"allow":["GET"]}}],"collection":[{"href":"http:\/\/inserch.ch\/index.php\/wp-json\/wp\/v2\/pages"}],"about":[{"href":"http:\/\/inserch.ch\/index.php\/wp-json\/wp\/v2\/types\/page"}],"author":[{"embeddable":true,"href":"http:\/\/inserch.ch\/index.php\/wp-json\/wp\/v2\/users\/2"}],"replies":[{"embeddable":true,"href":"http:\/\/inserch.ch\/index.php\/wp-json\/wp\/v2\/comments?post=136"}],"version-history":[{"count":20,"href":"http:\/\/inserch.ch\/index.php\/wp-json\/wp\/v2\/pages\/136\/revisions"}],"predecessor-version":[{"id":262,"href":"http:\/\/inserch.ch\/index.php\/wp-json\/wp\/v2\/pages\/136\/revisions\/262"}],"wp:attachment":[{"href":"http:\/\/inserch.ch\/index.php\/wp-json\/wp\/v2\/media?parent=136"}],"curies":[{"name":"wp","href":"https:\/\/api.w.org\/{rel}","templated":true}]}}