{"id":82,"date":"2017-11-30T14:21:20","date_gmt":"2017-11-30T14:21:20","guid":{"rendered":"http:\/\/inserch.ch\/?page_id=82"},"modified":"2026-03-11T15:48:09","modified_gmt":"2026-03-11T15:48:09","slug":"publications","status":"publish","type":"page","link":"http:\/\/inserch.ch\/index.php\/publications\/","title":{"rendered":"Publications"},"content":{"rendered":"\n<p><strong>2025<\/strong><\/p>\n\n\n\n<p>Balslev, K., Besozzi, R., Charmillot, S., Giovannini, V., Hasco\u00ebt, M., Mabilon, A., Melfi, G., Rey, J., Vanini De Carlo, K., Voirol-Rubido, I. (2024). <em>De la formation \u00e0 l\u2019insertion professionnelle : pers\u00e9v\u00e9rance et collaboration dans le m\u00e9tier. R\u00e9sultats de l\u2019enqu\u00eate INSERCH r\u00e9alis\u00e9e en 2025 aupr\u00e8s des dipl\u00f4m\u00e9\u00b7e.s 2024 et 2022 des instituts de formation des enseignant\u00b7e\u00b7s romands et tessinois<\/em>. INSERCH. <a href=\"http:\/\/inserch.ch\/wp-content\/uploads\/2026\/03\/Note-INSERCH-2025_2.pdf\" data-type=\"link\" data-id=\"http:\/\/inserch.ch\/wp-content\/uploads\/2026\/03\/Note-INSERCH-2025_2.pdf\">Consulter la note 2025<\/a><\/p>\n\n\n\n<p>P\u00e9quignot, M., &amp; Rey, J. (2025).&nbsp;<em>De la formation \u00e0 l\u2019enseignement primaire \u00e0 l\u2019insertion professionnelle: bilan de la formation initiale et besoins en formation continue des dipl\u00f4m\u00e9\u00b7e\u00b7s de la HEP|PH&nbsp;FR. Analyse des r\u00e9sultats de l\u2019enqu\u00eate longitudinale INSERCH 2017-2023<\/em>. Fribourg: Haute Ecole p\u00e9dagogique. <a href=\"http:\/\/inserch.ch\/wp-content\/uploads\/2025\/05\/HEP-PH-FR_RapportINSERCH2025_FINAL.pdf\">Consulter le rapport<\/a><\/p>\n\n\n<p><strong>2024<\/strong><\/p>\n<p>Balslev, K., Charmillot, S., Giovannini, V., Hasco\u00ebt, M., Mabilon, A., Melfi, G., Rey, J., Vanini De Carlo, K., Voirol-Rubido, I. (2024). <em>Formation, insertion professionnelle et pers\u00e9v\u00e9rance dans le m\u00e9tier des diff\u00e9rents profils de dipl\u00f4m\u00e9.e.s. R\u00e9sultats de l\u2019enqu\u00eate INSERCH r\u00e9alis\u00e9e en 2024 aupr\u00e8s des dipl\u00f4m\u00e9\u00b7e\u00b7s 2023 et 2021 des instituts de formation des enseignant\u00b7e\u00b7s romands et tessinois. <\/em>INSERCH. <a href=\"http:\/\/inserch.ch\/wp-content\/uploads\/2025\/02\/Note_INSERCH_2024.pdf\" target=\"_blank\" rel=\"noopener\">Consulter la note 2024<\/a><\/p>\n<p><strong>2023<\/strong><\/p>\n<p>Balslev, K., Charmillot, S., Giovannini, V., Hasco\u00ebt, M., Mabilon, A., Melfi, G., Rey, J., Vanini De Carlo, K., Voirol-Rubido, I. (2023).<em> Formation, insertion et d\u00e9veloppement professionnels des <\/em><em>diff\u00e9rents profils de dipl\u00f4m\u00e9.es. <\/em><em>R\u00e9sultats de l\u2019enqu\u00eate INSERCH r\u00e9alis\u00e9e en 2023 aupr\u00e8s des dipl\u00f4m\u00e9\u00b7e\u00b7s 2022 et 2020 des instituts de formation des enseignant\u00b7e\u00b7s romand\u00b7e\u00b7s et <\/em><em>tessinois\u00b7e\u00b7s.<\/em> INSERCH. \u00a0<a href=\"http:\/\/inserch.ch\/wp-content\/uploads\/2024\/09\/INSERCH_2023_FINALE.pdf\">Consulter la note 2023<\/a><\/p>\n<p>Vanini De Carlo, K. &amp; Giovannini, V. (2023).\u00a0<em>L\u2019inserimento professionale nella scuola ticinese, tra sfide ordinarie e sorprese significative. Approfondimenti sulla valutazione della formazione iniziale e sui bisogni di formazione continua da parte delle persone diplomate al DFA\/ASP SUPSI.<\/em> Centro Competenze Educazione, apprendimento e insegnamento \u2013 CC EAI. <a href=\"http:\/\/inserch.ch\/wp-content\/uploads\/2024\/09\/INSERCH_2023_RAPPORTO_TI.pdf\">Rapporto di ricerca<\/a><\/p>\n<p><strong>2022<\/strong><\/p>\n<p>Balslev, K., Charmillot, S., Giovannini, V., Hasco\u00ebt, M., Mabilon, A., Melfi, G., Rey, J., Vanini De Carlo, K., Voirol-Rubido, I. (2022). <em>Profils de dipl\u00f4m\u00e9\u2219e\u2219s \u00e0 l\u2019enseignement et impact de la pand\u00e9mie de COVID-19. R\u00e9sultats de l\u2019enqu\u00eate INSERCH r\u00e9alis\u00e9e en 2022 aupr\u00e8s des dipl\u00f4m\u00e9\u00b7e\u00b7s 2021 et 2019 des instituts de formation des enseignant\u00b7e\u00b7s romand\u00b7e\u00b7s et tessinois\u00b7e\u00b7s.<\/em> INSERCH. <a href=\"http:\/\/inserch.ch\/wp-content\/uploads\/2024\/09\/INSERCH_2022_FINAL.pdf\">Consulter la note 2022<\/a><\/p>\n<p><span class=\"UpperCase\">Rey<\/span>, J.,\u00a0<span class=\"UpperCase\">Balslev<\/span>, K.,\u00a0<span class=\"UpperCase\">Hasco\u00ebt<\/span>, M.,\u00a0<span class=\"UpperCase\">Charmillot<\/span>, S.,\u00a0<span class=\"UpperCase\">Melfi<\/span>, G.,\u00a0<span class=\"UpperCase\">De Carlo<\/span>, K.,\u00a0<span class=\"UpperCase\">Voirol-Rubido<\/span>, I. &amp;\u00a0<span class=\"UpperCase\">Waroux<\/span>, E. (2022). Entrer dans le m\u00e9tier en temps de pand\u00e9mie\u00a0: formation, recherche d\u2019emploi et v\u00e9cu professionnel des enseignant\u00b7es.\u00a0<i>Raisons \u00e9ducatives<\/i>, 26, 319-352.\u00a0<a href=\"https:\/\/doi.org\/10.3917\/raised.026.0319\">https:\/\/doi.org\/10.3917\/raised.026.0319<\/a><\/p>\n<p><strong>2021<\/strong><\/p>\n<p>Balslev, K., Charmillot, S., Melfi, G., Hasco\u00ebt, M., Rey, J., Vanini de Carlo, K., Voirol-Rubido, I. &amp; Waroux, E. (2021). <em>L\u2019impact de la pand\u00e9mie de COVID-19 sur la formation initiale, la recherche d\u2019emploi et le v\u00e9cu professionnel. R\u00e9sultats de l\u2019enqu\u00eate INSERCH r\u00e9alis\u00e9e en 2021 aupr\u00e8s des dipl\u00f4m\u00e9\u00b7e\u00b7s 2020 et 2018 des instituts de formation des enseignant\u00b7e\u00b7s romand\u00b7e\u00b7s et tessinois\u00b7e\u00b7s<\/em>. INSERCH. <a href=\"http:\/\/inserch.ch\/wp-content\/uploads\/2024\/09\/INSERCH_2021_FINAL.pdf\">Consulter la note 2021<\/a><\/p>\n<p>Vanini, A., Canevascini, S., &amp; Totti, G. (2021).<em> I neodocenti ticinesi di scuola elementare e dell&rsquo;infanzia. Inserimento professionale e percezioni sul ruolo della formazione delle vol\u00e9es 2016, 2017 e 2018 a un anno dal diploma. <\/em>Rapporto Inserch Ticino 2021. Locarno: SUPSI-DFA Area Professione Docente. <a href=\"http:\/\/inserch.ch\/wp-content\/uploads\/2021\/09\/Rapporto-Inserch-Ticino-2021.pdf\">Rapporto-Inserch-Ticino-2021<\/a><\/p>\n<p><strong>2020<\/strong><\/p>\n<p>Albisetti, Z., Balslev, K., Canevascini, S., Charmillot, S., Gremion, F., Hasco\u00ebt, M., Rey, J., Vanini, A., &amp; Voirol-Rubido, I. (2020). <em>Bilan de la formation initiale, besoins en formation continue et degr\u00e9 de satisfaction dans l\u2019emploi : r\u00e9sultats de l\u2019enqu\u00eate INSERCH r\u00e9alis\u00e9e en 2020 aupr\u00e8s des dipl\u00f4m\u00e9\u00b7e\u00b7s 2019 et 2017 des instituts de formation des enseignant\u00b7e\u00b7s romand\u00b7e\u00b7s et tessinois\u00b7e\u00b7s<\/em>. INSERCH. <a href=\"http:\/\/inserch.ch\/wp-content\/uploads\/2024\/09\/INSERCH_2020_FINAL.pdf\">Consulter la note 2020<\/a><\/p>\n<p>Rey, J., Mettraux, R., Bolay, M., &amp; Gremaud, J. (2020). Les trajectoires d\u2019insertion professionnelle des enseignants form\u00e9s \u00e0 l\u2019\u00e9tranger : de la pr\u00e9carit\u00e9 \u00e0 la reconnaissance?\u00a0 <em>Formation et pratiques d\u2019enseignement en questions, Hors-s\u00e9rie<\/em>\u00a0<em>4<\/em>, 161-181. [<a href=\"http:\/\/doc.rero.ch\/record\/329881?ln=fr\">lien<\/a>]<\/p>\n<p>Girinshuti, C. (2020). <em>Devenir enseignant. \u00ab Carri\u00e8re de vie \u00bb et insertion professionnelle des enseignants dipl\u00f4m\u00e9s en Suisse romande<\/em>. Neuch\u00e2tel : Editions Alphil.<\/p>\n<p>Voirol-Rubido, I., Jacquemet, N., &amp; P\u00e9risset, D. (2020). L\u2019insertion professionnelle des dipl\u00f4m\u00e9\u00b7e\u00b7s de l\u2019enseignement comme indicateur de l&rsquo;efficacit\u00e9 externe de la formation et de l&rsquo;\u00e9quit\u00e9 d&rsquo;accomplissement professionnel. Une r\u00e9flexion \u00e9conomique et sociologique sur l&rsquo;insertion des dipl\u00f4m\u00e9\u00b7e\u00b7s de la Haute \u00e9cole p\u00e9dagogique du Valais. <em>Revue suisse des Sciences de l\u2019\u00e9ducation, 42<\/em>(1), 232-251. [<a href=\"https:\/\/www.pedocs.de\/volltexte\/2020\/20617\/pdf\/SZBW_2020_1_VoirolRubido_Jacquemet_Perisset_L_insertion_professionelle.pdf\">lien<\/a>]<\/p>\n<p>P\u00e9risset, D., Voirol-Rubido, I. (2020). Devenir enseignant.e en Suisse : le parcours de<br \/>formation. <em>La revue du conseil p\u00e9dagogique interdisciplinaire du Qu\u00e9bec, 9<\/em>(1), 58-61.<\/p>\n<p><strong>2019<br \/><\/strong><\/p>\n<p>Albisetti, Z., Balslev, K., Canevascini, S., Charmillot, S., Egloff, M., Gremion, F., Gonz\u00e1lez-Mart\u00ednez, E., Hasco\u00ebt, M., Rey, J., Vanini, A., Voirol-Rubido, I. &amp; Vouillamoz, L. (2019).<em> Obtention de l\u2019emploi, ad\u00e9quation emploi-formation et facteurs favorisant l\u2019insertion subjective des dipl\u00f4m\u00e9\u00b7e\u00b7s en enseignement : r\u00e9sultats de l\u2019enqu\u00eate INSERCH r\u00e9alis\u00e9e en 2019 aupr\u00e8s des dipl\u00f4m\u00e9\u00b7e\u00b7s 2018 et 2016 des instituts de formation des enseignant\u00b7e\u00b7s romand\u00b7e\u00b7s et tessinois\u00b7e\u00b7s<\/em>.\u00a0 INSERCH. <a href=\"http:\/\/inserch.ch\/wp-content\/uploads\/2024\/09\/INSERCH_NOTE_2019_FINAL.pdf\">Consulter la note 2019<\/a><\/p>\n<p>Girinshuti, C. (2019). <em>Devenir enseignant\u2010e. \u00ab Carri\u00e8re de vie \u00bb et insertion professionnelle des enseignant\u2010e\u2010s dipl\u00f4m\u00e9\u2010e\u2010s en Suisse romande<\/em>. Th\u00e8se de doctorat. Universit\u00e9 de Gen\u00e8ve.<\/p>\n<p><strong>2018<\/strong><\/p>\n<p>Albisetti, Z., Balslev, K., Bolay, M., Broyon, M.-A., Canevascini, S., Charmillot, S., Egloff, M., Girinshuti, C., Gremion, F., Hasco\u00ebt, M., Rey, J., Vanini, A., &amp; Voirol-Rubido, I. (2018). <em>Bilan de l\u2019insertion et projets professionnels des dipl\u00f4m\u00e9\u2010e\u2010s en enseignement\u00a0: r\u00e9sultats de l\u2019enqu\u00eate r\u00e9alis\u00e9e en 2018 aupr\u00e8s des dipl\u00f4m\u00e9\u2010e\u2010s 2015 et 2017 des instituts de formation des enseignants romands et tessinois<\/em>. INSERCH. <a href=\"http:\/\/inserch.ch\/wp-content\/uploads\/2024\/09\/INSERCH_Note_2018_FINAL.pdf\">Consulter la note 2018<\/a><\/p>\n<p><strong>2017<\/strong><\/p>\n<p>Albisetti, Z., Balslev, K., Bolay, M., Broyon, M.-A., Canevascini, S., Casabianca, E.,\u00a0 Charmillot, S., Egloff, M., Fouquet-Chauprade, B., Girinshuti, C., Gremion, F., Hasco\u00ebt, M., Rey, J., &amp; Voirol-Rubido, I. (2017). <em>Les dimensions qualitatives de la formation et de l\u2019insertion des dipl\u00f4m\u00e9-e-s : r\u00e9sultats de l\u2019enqu\u00eate r\u00e9alis\u00e9e en 2017 aupr\u00e8s des dipl\u00f4m\u00e9-e-s 2016 des degr\u00e9s pr\u00e9scolaires, primaires, secondaires I et II des HEP de Suisse romande et du Tessin.<\/em> INSERCH. <a href=\"http:\/\/inserch.ch\/wp-content\/uploads\/2024\/09\/INSERCH_Note_2017_FINAL.pdf\">Consulter la note 2017<\/a><\/p>\n<p>Girinshuti, C. (2017). Le choix du m\u00e9tier\u202f: typologie des trajectoires menant vers l\u2019enseignement dans le canton de Vaud en Suisse. <em>Revue internationale d\u2019\u00e9ducation de S\u00e8vres, 74<\/em>, 79\u201188. [<a href=\"http:\/\/journals.openedition.org\/ries\/5806?lang=es\">lien<\/a>]<\/p>\n<p>Girinshuti, C. (2017). Quelle(s) transition(s) pour les nouvelles-eaux dipl\u00f4m\u00e9-e-s en p\u00e9dagogie dans le canton de Vaud\u202f?\u00a0 Analyse qualitative de l\u2019enseignement comme second m\u00e9tier. <em>Initio, 6<\/em>, 95\u2011112 [<a href=\"https:\/\/www.initio.fse.ulaval.ca\/en_cours\/\">lien<\/a>]<\/p>\n<p><strong>2016<\/strong><\/p>\n<p>Balslev, K., Broyon, M.-A., Canevascini, S., Egloff, M., Fouquet-Chauprade, B., Girinshuti, C., Gremion, F., Losego, P., &amp; Rey, J. (2016). <em>Insertion professionnelle des enseignants de Suisse Romande et du Tessin : remaniement de l\u2019enqu\u00eate INSERCH : bilan du questionnaire test 2015<\/em>.\u00a0 INSERCH. <a href=\"http:\/\/inserch.ch\/wp-content\/uploads\/2024\/09\/INSERCH_NOTE_2016_VF.pdf\">Consulter la note 2016<\/a><\/p>\n<p>Broyon, M. A. (2016). L\u2019insertion professionnelle des enseignants issus de la migration en Suisse romande : une insertion comme les autres ? <em>Formation et pratiques d\u2019enseignement en question, 21<\/em>, 39-58. [<a href=\"http:\/\/www.revuedeshep.ch\/site-fpeq-n\/Site_FPEQ\/21_files\/21-03-Broyon.pdf\">lien<\/a>]<\/p>\n<p>Broyon, M. A., &amp; Rey, J. (2016). De la formation \u00e0 la profession enseignante : trajectoires d\u2019insertion, construction identitaire et d\u00e9veloppement des comp\u00e9tences professionnelles. <em>Formation et pratiques d\u2019enseignement en question, 21<\/em>, 7-13. [<a href=\"http:\/\/www.revuedeshep.ch\/site-fpeq-n\/Site_FPEQ\/21_files\/21-01-Rey-Broyon.pdf\">lien<\/a>]<\/p>\n<p>Girinshuti, C., &amp; Losego, P. (2016). Trois ans pour s\u2019ins\u00e9rer. Modes d\u2019insertion et qualit\u00e9 des emplois dans l\u2019enseignement primaire vaudois. <em>Formation et pratiques d\u2019enseignement en question, 21<\/em>, 17-37. [<a href=\"http:\/\/www.revuedeshep.ch\/site-fpeq-n\/Site_FPEQ\/21_files\/21-02-Girinshuti-Losego.pdfVuKZ\">lien<\/a>]<\/p>\n<p>Gremion, F. (2016). Regard transversal sur le d\u00e9veloppement des comp\u00e9tences en situation d\u2019insertion professionnelle.<em> Formation et pratiques d\u2019enseignement en question, 21<\/em>, 249-256.[<a href=\"http:\/\/www.revuedeshep.ch\/site-fpeq-n\/Site_FPEQ\/21_files\/21-14-Gremion.pdf\">lien<\/a>]<\/p>\n<p>Rey, J. (2016). Au-del\u00e0 de l\u2019\u00e9cole (publique) ? Trajectoires d\u2019insertion professionnelle alternatives emprunt\u00e9es par des enseignants dipl\u00f4m\u00e9s. <em>Formation et pratiques d\u2019enseignement en question, 21<\/em>, 59-84. [<a href=\"http:\/\/www.revuedeshep.ch\/site-fpeq-n\/Site_FPEQ\/21_files\/21-04-Rey.pdf\">lien<\/a>]<\/p>\n<p>Rey, J., &amp; Broyon, M. A. (Eds.). (2016).<em> Formation et pratiques d\u2019enseignement en questions, 21<\/em>.[<a href=\"http:\/\/www.revuedeshep.ch\/site-fpeq-n\/Site_FPEQ\/21.html\">lien<\/a>]<\/p>\n<p>Rey, J., &amp; Gremaud, J. (2016). La premi\u00e8re rentr\u00e9e des profs, entre enthousiasme et \u00e9preuves : le r\u00f4le des coll\u00e8gues et de l\u2019\u00e9tablissement. <em>L&rsquo;Educateur, 7<\/em>, 13-15. [<a href=\"https:\/\/doc.rero.ch\/record\/277184\/files\/16_Rey_Gremaud_2016_Educateur.pdf\">lien<\/a>]<\/p>\n<p><strong>2015<\/strong><br \/>Girinshuti C. (2015). Les carri\u00e8res des enseignants de Suisse romande une ann\u00e9e apr\u00e8s l\u2019obtention de leur dipl\u00f4me. <em>Inter Pares, alpha<\/em>, 27-36.<\/p>\n<p><strong>2014<\/strong><\/p>\n<p>Gremion, F. (2014), L\u2019insertion professionnelle des enseignants de Suisse romande et du Tessin : r\u00e9sultats 2013. <em>Enjeux p\u00e9dagogiques, 23<\/em>, 41-42. [<a href=\"https:\/\/www.hep-bejune.ch\/fr\/Espace-ressources\/Revue-HEP-BEJUNE\/Publications\/Itineraires-du-plan-d-etudes-romand-2014.html\">lien<\/a>]<\/p>\n<p>Broyon, M.-A., Canevascini, S., Forster, M., Girinshuti, C., Gremion, F., Losego, P., Rey, J., &amp; Zampieri, S. (2014).\u00a0<em>Insertion professionnelle des enseignants de Suisse Romande et du Tessin : r\u00e9sultats de l\u2019enqu\u00eate r\u00e9alis\u00e9e en 2014 aupr\u00e8s des nouveaux dipl\u00f4m\u00e9s des degr\u00e9s pr\u00e9scolaires, primaires, secondaires I et II des HEP de Suisse romande et du Tessin. <\/em>INSERCH <a href=\"http:\/\/inserch.ch\/wp-content\/uploads\/2024\/09\/Note-INSERCH_2014.pdf\">Consulter la note 2014<\/a><\/p>\n<p><strong>2013<\/strong><\/p>\n<p>Rey, J., &amp; Gremaud, J. (2013). Collaborer pour s\u2019ins\u00e9rer. Pratiques collaboratives d\u2019enseignants d\u00e9butants. <em>Education et formation, 299<\/em>. [<a href=\"http:\/\/revueeducationformation.be\/index.php?revue=17&amp;page=3\">lien<\/a>]<\/p>\n<p>Broyon, M.-A., Canevascini, S., Forster, M., Girinshuti, C., Gremion, F., Losego, P., Rey, J., &amp; Zampieri, S. (2013).\u00a0<em>L\u2019insertion professionnelle des enseignants de Suisse Romande et du Tessin : r\u00e9sultats de l\u2019enqu\u00eate r\u00e9alis\u00e9e en 2013 aupr\u00e8s des nouveaux dipl\u00f4m\u00e9s des degr\u00e9s pr\u00e9scolaires, primaires, secondaires I et II des HEP de Suisse romande et du Tessin<\/em>. INSERCH, Rapport non publi\u00e9.<\/p>\n<p><strong>2012<\/strong><\/p>\n<p>Broyon, M.-A., Canevascini, S., Girinshuti, C., Gremion, F., Losego, P., Rey, J., &amp; Zampieri, S. (2012).\u00a0<em>L\u2019insertion professionnelle des enseignants de Suisse Romande et du Tessin : r\u00e9sultats de l\u2019enqu\u00eate r\u00e9alis\u00e9e en 2012 aupr\u00e8s des nouveaux dipl\u00f4m\u00e9s des degr\u00e9s pr\u00e9scolaires, primaires, secondaires I et II des HEP de Suisse romande et du Tessin<\/em>. INSERCH. <a href=\"http:\/\/inserch.ch\/wp-content\/uploads\/2024\/09\/NOTE-INSERCH_VERSION_DEFINITIVE_2012.pdf\">Consulter la note 2012<\/a><\/p>\n<p><strong>2011<\/strong><\/p>\n<p>Wentzel, B., Akkari, A., Coen, P.-F. &amp; Changkakoti, N. (2011).<em> L&rsquo;insertion professionnelle des enseignants: regards crois\u00e9s et perspective internationale<\/em>. Bienne: Editions HEP-BEJUNE.<\/p>\n<p>Broyon, M.-A. (2011). Regards crois\u00e9s sur l\u2019insertion des enseignants. Dossier sp\u00e9cial. <em>L\u2019Educateur, 6\/2011<\/em>. [<a href=\"http:\/\/www.revue-educateur.ch\/dossiers\/regards-crois%C3%A9s-sur-linsertion-des-enseignants\">lien<\/a>]<\/p>\n<p>Broyon, M.-A. (2011). Regards crois\u00e9s sur les dispositifs d\u2019accompagnement des enseignants en Valais. <em>L\u2019Educateur, 6\/2011<\/em>.[<a href=\"http:\/\/www.revue-educateur.ch\/dossiers\/regards-crois%C3%A9s-sur-linsertion-des-enseignants\">lien<\/a>]<\/p>\n<p>Canevascini, S., Crescentini, A. &amp; Donati, M. (2011). Que f\u00eatez-vous aujourd\u2019hui ? Le regard de l\u2019enseignant chevronn\u00e9 sur le d\u00e9butant. <em>L\u2019Educateur, 6\/2011<\/em>, 31-33. [<a href=\"http:\/\/www.revue-educateur.ch\/articles\/que-f%C3%AAtez-vous-aujourdhui-le-regard-de-lenseignant-chevronn%C3%A9-sur-le-d%C3%A9butant\">lien<\/a>]<\/p>\n<p>Changkakoti, N. &amp; Broyon, M.A. (2011). M\u00e9tier r\u00eav\u00e9, m\u00e9tier transmis au rendez-vous de la pratique : identit\u00e9s enseignantes en question. In Wentzel, B., Akkari, J., P.-F. Coen &amp; Changkakoti, N. (Eds.),<em> L\u2019insertion professionnelle des enseignants: regards crois\u00e9s et perspective internationale.<\/em> pp.67-88. Bienne: Editions BEJUNE. [<a href=\"http:\/\/doc.rero.ch\/record\/235580\">lien<\/a>]<\/p>\n<p>Gremaud, J., &amp; Rey, J. (2011). Socialisation et professionnalisation : des processus interd\u00e9pendants. <em>L\u2019Educateur, 6\/2011<\/em>. [<a href=\"https:\/\/core.ac.uk\/download\/pdf\/43661478.pdf\">lien<\/a>]<\/p>\n<p>Gremaud, J., Rey, J. (2011). L\u2019enfant \u00ab hors cadre\u00bb, un d\u00e9fi pour l\u2019enseignant d\u00e9butant. In Wentzel, B., Akkari, J., P.-F. Coen &amp; Changkakoti, N. (Eds.),<em> L\u2019insertion professionnelle des enseignants: regards crois\u00e9s et perspective internationale<\/em>. pp. 89-108. Editions BEJUNE. [<a href=\"https:\/\/doc.rero.ch\/record\/235581\">lien<\/a>]<\/p>\n<p>Gremion, F. (2011). Le point de vue d\u2019enseignants secondaire d\u00e9butants. <em>L&rsquo;Educateur<\/em>, <em>6\/2011<\/em>, 27 mai, pp. 36-37. [<a href=\"http:\/\/www.le-ser.ch\/dossiers\/regards-crois%C3%A9s-sur-linsertion-des-enseignants\">lien<\/a>]<\/p>\n<p>Losego, P., Amendola, C., &amp; Cusinay, M. (2011). L\u2019insertion subjective des novices de l\u2019enseignement primaire : collaboration et sentiment de comp\u00e9tence. <em>Revue suisse des sciences de l\u2019\u00e9ducation<\/em>,<em> 33<\/em>(3), 479 &#8211; 494. [<a href=\"http:\/\/www.rsse.ch\/wp-content\/uploads\/2012\/12\/SZBW_11.3_Varia_Losego.pdf\">lien<\/a>]<\/p>\n<p><strong>2010<br \/><\/strong>Gremaud, J., &amp; Rey, J. (2010).\u00a0<em>L\u2019insertion des enseignants HEP dans le canton de Fribourg\u00a0: regards port\u00e9s par les acteurs impliqu\u00e9s dans l\u2019insertion professionnelle des enseignants d\u00e9butants primaires et enfantines<\/em>. Haute Ecole p\u00e9dagogique Fribourg. [<a href=\"https:\/\/doc.rero.ch\/record\/235926\">lien<\/a>]<\/p>\n<p><strong>2009<br \/><\/strong>Bourque, J., Gremion, F., Akkari, A., Broyon , M-A., B., Bo\u00e9chat-Heer, &amp; Gremaud, J. (2009). L&rsquo;insertion professionnelle en enseignement : Validation d&rsquo;un mod\u00e8le inspir\u00e9 de Bronfenbrenner. <em>Revue<\/em> <em>suisse des Sciences de l&rsquo;\u00e9ducation,<\/em> <em>2\/2009<\/em>. [<a href=\"http:\/\/www.rsse.ch\/wp-content\/uploads\/2012\/12\/SZBW_9.2_Varia_Bourque.pdf\">lien<\/a>]<\/p>\n<p><strong>2008<\/strong><\/p>\n<p>Akkari, A., Amendola, C., Broyon, M-A.,\u00a0 Changkakoti, N., Cusinay, M., Donati, M.,\u00a0 Gremaud, J., Gremion, F., Losego, P. Vanini De Carlo, K., (2008).<em> Hier \u00e9tudiants, aujourd&rsquo;hui enseignants: recherche sur l&rsquo;insertion professionnelle des dipl\u00f4m\u00e9s des HEP romandes et du Tessin<\/em>. Groupe de recherche suisse sur l\u2019insertion professionnelle des enseignants. [<a href=\"http:\/\/doc.rero.ch\/record\/234695\">Rapport]<\/a><\/p>\n<p>Akkari, A., &amp; Broyon, M.-A. (2008). L&rsquo;ad\u00e9quation entre demande et offre d&rsquo;enseignants en Suisse. <em>Formation et pratiques d&rsquo;enseignement en questions, 8<\/em>, 13-27. [<a href=\"http:\/\/www.revuedeshep.ch\/site-fpeq-n\/Site_FPEQ\/8_files\/02_akkari.pdf\">lien<\/a>]<\/p>\n\n\n<p><\/p>\n","protected":false},"excerpt":{"rendered":"<p>2025 Balslev, K., Besozzi, R., Charmillot, S., Giovannini, V., Hasco\u00ebt, M., Mabilon, A., Melfi, G., Rey, J., Vanini De Carlo, K., Voirol-Rubido, I. (2024). De la formation \u00e0 l\u2019insertion professionnelle : pers\u00e9v\u00e9rance et collaboration dans le m\u00e9tier. R\u00e9sultats de l\u2019enqu\u00eate &hellip; <a href=\"http:\/\/inserch.ch\/index.php\/publications\/\">Continuer la lecture <span class=\"meta-nav\">&rarr;<\/span><\/a><\/p>\n<div class='the_champ_sharing_container the_champ_vertical_sharing the_champ_hide_sharing the_champ_bottom_sharing' style='width:24px;left: -10px;top: 100px;-webkit-box-shadow:none;box-shadow:none;' data-super-socializer-href=\"http:\/\/inserch.ch\/index.php\/wp-json\/wp\/v2\/pages\/82\"><div class=\"the_champ_sharing_ul\"><a aria-label=\"Facebook\" class=\"the_champ_facebook\" href=\"https:\/\/www.facebook.com\/sharer\/sharer.php?u=http%3A%2F%2Finserch.ch%2Findex.php%2Fwp-json%2Fwp%2Fv2%2Fpages%2F82\" title=\"Facebook\" rel=\"nofollow noopener\" target=\"_blank\" style=\"font-size:24px!important;box-shadow:none;display:inline-block;vertical-align:middle\"><span class=\"the_champ_svg\" style=\"background-color:#0765FE;width:20px;height:20px;margin:0;display:inline-block;opacity:1;float:left;font-size:24px;box-shadow:none;display:inline-block;font-size:16px;padding:0 4px;vertical-align:middle;background-repeat:repeat;overflow:hidden;padding:0;cursor:pointer;box-sizing:content-box\"><svg style=\"display:block;\" focusable=\"false\" aria-hidden=\"true\" xmlns=\"http:\/\/www.w3.org\/2000\/svg\" width=\"100%\" height=\"100%\" viewBox=\"0 0 32 32\"><path fill=\"#fff\" d=\"M28 16c0-6.627-5.373-12-12-12S4 9.373 4 16c0 5.628 3.875 10.35 9.101 11.647v-7.98h-2.474V16H13.1v-1.58c0-4.085 1.849-5.978 5.859-5.978.76 0 2.072.15 2.608.298v3.325c-.283-.03-.775-.045-1.386-.045-1.967 0-2.728.745-2.728 2.683V16h3.92l-.673 3.667h-3.247v8.245C23.395 27.195 28 22.135 28 16Z\"><\/path><\/svg><\/span><\/a><a aria-label=\"Twitter\" class=\"the_champ_button_twitter\" href=\"https:\/\/twitter.com\/intent\/tweet?text=INSERCH%20-%20Enqu%C3%AAte%20interinstitutionnelle%20sur%20l%E2%80%99insertion%20professionnelle%20des%20nouvelles%20et%20nouveaux%20dipl%C3%B4m%C3%A9%C2%B7e%C2%B7s%20en%20enseignement&url=http%3A%2F%2Finserch.ch%2Findex.php%2Fwp-json%2Fwp%2Fv2%2Fpages%2F82\" title=\"Twitter\" rel=\"nofollow noopener\" target=\"_blank\" style=\"font-size:24px!important;box-shadow:none;display:inline-block;vertical-align:middle\"><span class=\"the_champ_svg the_champ_s__default the_champ_s_twitter\" style=\"background-color:#55acee;width:20px;height:20px;margin:0;display:inline-block;opacity:1;float:left;font-size:24px;box-shadow:none;display:inline-block;font-size:16px;padding:0 4px;vertical-align:middle;background-repeat:repeat;overflow:hidden;padding:0;cursor:pointer;box-sizing:content-box\"><svg style=\"display:block;\" focusable=\"false\" aria-hidden=\"true\" xmlns=\"http:\/\/www.w3.org\/2000\/svg\" width=\"100%\" height=\"100%\" viewBox=\"-4 -4 39 39\"><path d=\"M28 8.557a9.913 9.913 0 0 1-2.828.775 4.93 4.93 0 0 0 2.166-2.725 9.738 9.738 0 0 1-3.13 1.194 4.92 4.92 0 0 0-3.593-1.55 4.924 4.924 0 0 0-4.794 6.049c-4.09-.21-7.72-2.17-10.15-5.15a4.942 4.942 0 0 0-.665 2.477c0 1.71.87 3.214 2.19 4.1a4.968 4.968 0 0 1-2.23-.616v.06c0 2.39 1.7 4.38 3.952 4.83-.414.115-.85.174-1.297.174-.318 0-.626-.03-.928-.086a4.935 4.935 0 0 0 4.6 3.42 9.893 9.893 0 0 1-6.114 2.107c-.398 0-.79-.023-1.175-.068a13.953 13.953 0 0 0 7.55 2.213c9.056 0 14.01-7.507 14.01-14.013 0-.213-.005-.426-.015-.637.96-.695 1.795-1.56 2.455-2.55z\" fill=\"#fff\"><\/path><\/svg><\/span><\/a><a aria-label=\"Linkedin\" class=\"the_champ_button_linkedin\" href=\"https:\/\/www.linkedin.com\/sharing\/share-offsite\/?url=http%3A%2F%2Finserch.ch%2Findex.php%2Fwp-json%2Fwp%2Fv2%2Fpages%2F82\" title=\"Linkedin\" rel=\"nofollow noopener\" target=\"_blank\" style=\"font-size:24px!important;box-shadow:none;display:inline-block;vertical-align:middle\"><span class=\"the_champ_svg the_champ_s__default the_champ_s_linkedin\" style=\"background-color:#0077b5;width:20px;height:20px;margin:0;display:inline-block;opacity:1;float:left;font-size:24px;box-shadow:none;display:inline-block;font-size:16px;padding:0 4px;vertical-align:middle;background-repeat:repeat;overflow:hidden;padding:0;cursor:pointer;box-sizing:content-box\"><svg style=\"display:block;\" focusable=\"false\" aria-hidden=\"true\" xmlns=\"http:\/\/www.w3.org\/2000\/svg\" width=\"100%\" height=\"100%\" viewBox=\"0 0 32 32\"><path d=\"M6.227 12.61h4.19v13.48h-4.19V12.61zm2.095-6.7a2.43 2.43 0 0 1 0 4.86c-1.344 0-2.428-1.09-2.428-2.43s1.084-2.43 2.428-2.43m4.72 6.7h4.02v1.84h.058c.56-1.058 1.927-2.176 3.965-2.176 4.238 0 5.02 2.792 5.02 6.42v7.395h-4.183v-6.56c0-1.564-.03-3.574-2.178-3.574-2.18 0-2.514 1.7-2.514 3.46v6.668h-4.187V12.61z\" fill=\"#fff\"><\/path><\/svg><\/span><\/a><a aria-label=\"Whatsapp\" class=\"the_champ_whatsapp\" href=\"https:\/\/api.whatsapp.com\/send?text=INSERCH%20-%20Enqu%C3%AAte%20interinstitutionnelle%20sur%20l%E2%80%99insertion%20professionnelle%20des%20nouvelles%20et%20nouveaux%20dipl%C3%B4m%C3%A9%C2%B7e%C2%B7s%20en%20enseignement http%3A%2F%2Finserch.ch%2Findex.php%2Fwp-json%2Fwp%2Fv2%2Fpages%2F82\" title=\"Whatsapp\" rel=\"nofollow noopener\" target=\"_blank\" style=\"font-size:24px!important;box-shadow:none;display:inline-block;vertical-align:middle\"><span class=\"the_champ_svg\" style=\"background-color:#55eb4c;width:20px;height:20px;margin:0;display:inline-block;opacity:1;float:left;font-size:24px;box-shadow:none;display:inline-block;font-size:16px;padding:0 4px;vertical-align:middle;background-repeat:repeat;overflow:hidden;padding:0;cursor:pointer;box-sizing:content-box\"><svg style=\"display:block;\" focusable=\"false\" aria-hidden=\"true\" xmlns=\"http:\/\/www.w3.org\/2000\/svg\" width=\"100%\" height=\"100%\" viewBox=\"-6 -5 40 40\"><path class=\"the_champ_svg_stroke the_champ_no_fill\" stroke=\"#fff\" stroke-width=\"2\" fill=\"none\" d=\"M 11.579798566743314 24.396926207859085 A 10 10 0 1 0 6.808479557110079 20.73576436351046\"><\/path><path d=\"M 7 19 l -1 6 l 6 -1\" class=\"the_champ_no_fill the_champ_svg_stroke\" stroke=\"#fff\" stroke-width=\"2\" fill=\"none\"><\/path><path d=\"M 10 10 q -1 8 8 11 c 5 -1 0 -6 -1 -3 q -4 -3 -5 -5 c 4 -2 -1 -5 -1 -4\" fill=\"#fff\"><\/path><\/svg><\/span><\/a><a class=\"the_champ_more\" title=\"More\" rel=\"nofollow noopener\" style=\"font-size:24px!important;border:0;box-shadow:none;display:inline-block!important;font-size:16px;padding:0 4px;vertical-align: middle;display:inline;\" href=\"http:\/\/inserch.ch\/index.php\/wp-json\/wp\/v2\/pages\/82\" onclick=\"event.preventDefault()\"><span class=\"the_champ_svg\" style=\"background-color:#ee8e2d;width:20px;height:20px;margin:0;display:inline-block!important;opacity:1;float:left;font-size:32px!important;box-shadow:none;display:inline-block;font-size:16px;padding:0 4px;vertical-align:middle;display:inline;background-repeat:repeat;overflow:hidden;padding:0;cursor:pointer;box-sizing:content-box;\" onclick=\"theChampMoreSharingPopup(this, 'http:\/\/inserch.ch\/index.php\/wp-json\/wp\/v2\/pages\/82', 'INSERCH%20-%20Enqu%C3%AAte%20interinstitutionnelle%20sur%20l%E2%80%99insertion%20professionnelle%20des%20nouvelles%20et%20nouveaux%20dipl%C3%B4m%C3%A9%C2%B7e%C2%B7s%20en%20enseignement', '' )\"><svg xmlns=\"http:\/\/www.w3.org\/2000\/svg\" xmlns:xlink=\"http:\/\/www.w3.org\/1999\/xlink\" viewBox=\"-.3 0 32 32\" version=\"1.1\" width=\"100%\" height=\"100%\" style=\"display:block;\" xml:space=\"preserve\"><g><path fill=\"#fff\" d=\"M18 14V8h-4v6H8v4h6v6h4v-6h6v-4h-6z\" fill-rule=\"evenodd\"><\/path><\/g><\/svg><\/span><\/a><\/div><\/div>","protected":false},"author":2,"featured_media":0,"parent":0,"menu_order":3,"comment_status":"closed","ping_status":"closed","template":"","meta":{"footnotes":""},"class_list":["post-82","page","type-page","status-publish","hentry"],"_links":{"self":[{"href":"http:\/\/inserch.ch\/index.php\/wp-json\/wp\/v2\/pages\/82","targetHints":{"allow":["GET"]}}],"collection":[{"href":"http:\/\/inserch.ch\/index.php\/wp-json\/wp\/v2\/pages"}],"about":[{"href":"http:\/\/inserch.ch\/index.php\/wp-json\/wp\/v2\/types\/page"}],"author":[{"embeddable":true,"href":"http:\/\/inserch.ch\/index.php\/wp-json\/wp\/v2\/users\/2"}],"replies":[{"embeddable":true,"href":"http:\/\/inserch.ch\/index.php\/wp-json\/wp\/v2\/comments?post=82"}],"version-history":[{"count":50,"href":"http:\/\/inserch.ch\/index.php\/wp-json\/wp\/v2\/pages\/82\/revisions"}],"predecessor-version":[{"id":374,"href":"http:\/\/inserch.ch\/index.php\/wp-json\/wp\/v2\/pages\/82\/revisions\/374"}],"wp:attachment":[{"href":"http:\/\/inserch.ch\/index.php\/wp-json\/wp\/v2\/media?parent=82"}],"curies":[{"name":"wp","href":"https:\/\/api.w.org\/{rel}","templated":true}]}}